{"id":266,"date":"2023-03-06T14:52:03","date_gmt":"2023-03-06T13:52:03","guid":{"rendered":"https:\/\/lapiga.cat\/?page_id=266"},"modified":"2025-10-29T11:59:25","modified_gmt":"2025-10-29T10:59:25","slug":"avis-legal","status":"publish","type":"page","link":"https:\/\/lapiga.cat\/es\/avis-legal","title":{"rendered":"Av\u00eds Legal"},"content":{"rendered":"<h1 class=\"wp-block-heading\">Av\u00eds Legal<\/h1>\n\n\n\n<p>En compliment del deure d\u2019informaci\u00f3 recollit en article 10 de la Llei 34\/2002, d\u201911 de Juliol, de Serveis de la Societat de la Informaci\u00f3 i del Comer\u00e7 Electr\u00f2nic, l\u2019informem que el portal d\u2019Internet www.lapiga.cat (d\u2019ara endavant, el \u201cLloc Web\u201d) \u00e9s titularitat de Laura Gallegos Amber, amb domicili social a Vic al Pasatje Germana Carme Mascar\u00f3, 2 amb CIF n\u00fam. 41579118V. El present av\u00eds legal regula les condicions d\u2019\u00fas del citat portal d\u2019Internet<strong>.<\/strong><\/p>\n\n\n\n<h2 class=\"wp-block-heading\">Llei aplicable i jurisdicci\u00f3<strong>\u00a0<\/strong><\/h2>\n\n\n\n<p>Llei aplicable i jurisdicci\u00f3. Amb car\u00e0cter general les relacions entre Laura Gallegos Amber i els usuaris dels seus serveis telem\u00e0tics, presents en el Lloc Web, es troben sotmeses a la legislaci\u00f3 i jurisdicci\u00f3 espanyoles.<\/p>\n\n\n\n<p>El fur aplicable ser\u00e0 el del domicili del demandat, tret que es tracti d\u2019un procediment en exercici individual en defensa dels drets dels consumidors, i en aquest cas la compet\u00e8ncia ser\u00e0 a elecci\u00f3 del consumidor demandant, que podr\u00e0 optar entre el tribunal del seu domicili o el tribunal corresponent conforme als articles 50 i 51 Llei Enjudiciament Civil.<\/p>\n\n\n\n<h2 class=\"wp-block-heading\">Acceptaci\u00f3 de l\u2019usuari<strong>\u00a0<\/strong><\/h2>\n\n\n\n<p>Aquest Av\u00eds Legal regula l\u2019acc\u00e9s i utilitzaci\u00f3 del Lloc Web que Laura Gallegos Amber posa a la disposici\u00f3 dels usuaris d\u2019Internet. Es considera usuari la persona que accedeixi, navegui, utilitzi o participi en els serveis i activitats del Lloc web.<\/p>\n\n\n\n<p>L\u2019usuari queda informat, i accepta, que l\u2019acc\u00e9s a la present Lloc Web no suposa, de cap manera, l\u2019inici d\u2019una relaci\u00f3 comercial amb Laura Gallegos Amber.<\/p>\n\n\n\n<p>L\u2019acc\u00e9s i navegaci\u00f3 en el Lloc Web per part de l\u2019usuari suposa l\u2019acceptaci\u00f3 de la totalitat de les presents Condicions d\u2019\u00das. En cas de desacord amb les condicions l\u2019usuari ha d\u2019abstenir-se d\u2019utilitzar el Lloc Web.<\/p>\n\n\n\n<p class=\"has-ast-global-color-0-color has-text-color has-link-color wp-elements-1f9a198fdb01aa0278329b2b86aeaa6f\"><strong>Acc\u00e9s al lloc web \u2013 www.lapiga.cat<\/strong><\/p>\n\n\n\n<p>L\u2019acc\u00e9s al Lloc web per part dels usuaris \u00e9s de car\u00e0cter lliure i gratu\u00eft. Alguns serveis poden trobar-se subjectes a contractaci\u00f3 pr\u00e8via del servei.<\/p>\n\n\n\n<p>En cas de ser necessari que l\u2019usuari aporti dades personals per a accedir a algun dels serveis, la recollida i el tractament de les dades es realitzar\u00e0 de conformitat amb la normativa vigent, en concret amb el RGPD. Per a m\u00e9s informaci\u00f3, consulti la nostra pol\u00edtica de privacitat a www.lapiga.cat\/politica-de-privacitat.<\/p>\n\n\n\n<h2 class=\"wp-block-heading\">Contingut i \u00fas<strong>\u00a0<\/strong><\/h2>\n\n\n\n<p>La visita al Lloc Web per part de l\u2019usuari haur\u00e0 de fer-se de manera responsable i de conformitat a la legalitat vigent, la bona fe, el present Av\u00eds Legal i respectant els drets de propietat intel\u00b7lectual i industrial de titularitat de Laura Gallegos Amber.<\/p>\n\n\n\n<p>L\u2019\u00fas de qualsevol dels continguts del Lloc Web amb finalitats que siguin o poguessin ser il\u00b7l\u00edcites queda totalment prohibit, aix\u00ed com la realitzaci\u00f3 de qualsevol acci\u00f3 que causi o pugui causar danys o alteracions de qualsevol tipus no consentides per Laura Gallegos Amber, al Lloc Web o als seus continguts.<\/p>\n\n\n\n<p>El titular del Lloc Web no s\u2019identifica amb les opinions abocades en el mateix pels seus col\u00b7laboradors. L\u2019empresa es reserva el dret d\u2019efectuar sense previ av\u00eds les modificacions que consideri oportunes en el seu Lloc Web, podent canviar, suprimir o afegir tant els continguts i serveis que es prestin a trav\u00e9s de la mateixa com la forma en la qual aquests apareguin presentats o localitzats en els seus servidors.<\/p>\n\n\n\n<h2 class=\"wp-block-heading\">Propietat Intel\u00b7lectual i industrial<\/h2>\n\n\n\n<p>Els drets de propietat intel\u00b7lectual del contingut del Lloc Web, el seu disseny gr\u00e0fic i codis s\u00f3n titularitat de Laura Gallegos Amber i, per tant, queda prohibida la seva reproducci\u00f3, distribuci\u00f3, comunicaci\u00f3 p\u00fablica, transformaci\u00f3 o qualsevol altra activitat que es realitzi amb els continguts del Lloc Web, ni tan sols, encara que se citin les fonts, tret que es compti amb el consentiment previ, expr\u00e9s i per escrit de Laura Gallegos Amber. Tots els noms comercials, marques o signes diferents de qualsevol classe continguts en les p\u00e0gines web de l\u2019empresa s\u00f3n propietat dels seus amos i estan protegits per llei.<\/p>\n\n\n\n<p>Laura Gallegos Amber no concedeix cap llic\u00e8ncia o autoritzaci\u00f3 d\u2019\u00fas de cap classe sobre els seus drets de propietat intel\u00b7lectual i industrial o sobre qualsevol altra propietat o dret relacionat amb el Lloc Web, i en cap cas s\u2019entendr\u00e0 que l\u2019acc\u00e9s i navegaci\u00f3 dels usuaris implica una ren\u00fancia, transmissi\u00f3, llic\u00e8ncia o cessi\u00f3 total ni parcial d\u2019aquests drets per part de Laura Gallegos Amber.<\/p>\n\n\n\n<p>Qualsevol \u00fas d\u2019aquests continguts no autoritzat pr\u00e8viament per part de Laura Gallegos Amber ser\u00e0 considerat un incompliment greu dels drets de propietat intel\u00b7lectual industrial i donar\u00e0 lloc a les responsabilitats legalment establertes.<\/p>\n\n\n\n<p>Laura Gallegos Amber es reserva el dret d\u2019exercitar enfront de l\u2019usuari les accions judicials i extrajudicials que corresponguin.<\/p>\n\n\n\n<h2 class=\"wp-block-heading\">Responsabilitat i garanties<\/h2>\n\n\n\n<p>Laura Gallegos Amber declara que ha adoptat les mesures necess\u00e0ries que, dins de les seves possibilitats i l\u2019estat de la tecnologia, permetin el correcte funcionament del seu Lloc Web, aix\u00ed&nbsp; com l\u2019abs\u00e8ncia de virus i components nocius. No obstant aix\u00f2, Laura Gallegos Amber no pot fer-se responsable de les seg\u00fcents situacions que s\u2019enumeren a t\u00edtol enunciatiu, per\u00f2 no limitatiu:<\/p>\n\n\n\n<ul class=\"wp-block-list\">\n<li>La continu\u00eftat i disponibilitat dels<\/li>\n\n\n\n<li>L\u2019abs\u00e8ncia d\u2019errors en aquests continguts ni la correcci\u00f3 de qualsevol defecte que pogu\u00e9s oc\u00f3rrer.<\/li>\n\n\n\n<li>L\u2019abs\u00e8ncia de virus i\/o altres components<\/li>\n\n\n\n<li>Els danys o perjudicis que causi qualsevol persona que vulneri els sistemes de seguretat de Laura Gallegos Amber.<\/li>\n\n\n\n<li>L\u2019\u00fas que els usuaris puguin fer dels continguts inclosos en el Lloc En conseq\u00fc\u00e8ncia,<\/li>\n<\/ul>\n\n\n\n<p>Laura Gallegos Amber no garanteix que l\u2019\u00fas que els usuaris puguin fer dels continguts que en el seu cas s\u2019incloguin en el Lloc Web, s\u2019ajustin al present av\u00eds legal, ni que l\u2019\u00fas del Lloc Web es realitzi de manera diligent.<\/p>\n\n\n\n<ul class=\"wp-block-list\">\n<li>L\u2019\u00fas per menors d\u2019edat del Lloc Web o de l\u2019enviament de les seves dades personals sense el perm\u00eds dels seus tutors, sent els tutors responsables de l\u2019\u00fas que facin d\u2019Internet.<\/li>\n\n\n\n<li>Els continguts als quals l\u2019usuari pugui accedir a trav\u00e9s d\u2019enlla\u00e7os no autoritzats o introdu\u00efts per usuaris mitjan\u00e7ant comentaris o eines similars.<\/li>\n\n\n\n<li>La introducci\u00f3 de dades err\u00f2nies per part de l\u2019usuari o d\u2019un tercer.<\/li>\n<\/ul>\n\n\n\n<p>Laura Gallegos Amber podr\u00e0 suspendre temporalment i sense previ av\u00eds, l\u2019accessibilitat al Lloc Web amb motiu d\u2019operacions de manteniment, reparaci\u00f3, actualitzaci\u00f3 o millora. No obstant aix\u00f2, sempre que les circumst\u00e0ncies ho permetin, Laura Gallegos Amber comunicar\u00e0 a l\u2019usuari, amb antelaci\u00f3 suficient, la data prevista per a la suspensi\u00f3 dels continguts.<\/p>\n\n\n\n<p>Aix\u00ed mateix, de conformitat amb els arts. 11 i 16 de la Llei 34\/2002, d\u201911 de juliol, de serveis de la societat de la informaci\u00f3 i de comer\u00e7 electr\u00f2nic (LSSICE), Laura Gallegos Amber es compromet a l\u2019eliminaci\u00f3 o, en el seu cas, bloqueig dels continguts que poguessin afectar o ser contraris a la legislaci\u00f3 vigent, els drets de tercers o la moral i ordre p\u00fablic.<\/p>\n\n\n\n<p>El titular del Lloc Web no s\u2019identifica amb les opinions abocades en el mateix pels seus col\u00b7laboradors. L\u2019empresa es reserva el dret d\u2019efectuar sense previ av\u00eds les modificacions que consideri oportunes en el seu Lloc Web, podent canviar, suprimir o afegir tant els continguts i serveis que es prestin a trav\u00e9s de la mateixa com la forma en la qual aquests apareguin presentats o localitzats en els seus servidors.<\/p>\n\n\n\n<h2 class=\"wp-block-heading\">Cookies<strong>\u00a0<\/strong><\/h2>\n\n\n\n<p>Laura Gallegos Amber utilitza cookies, a l\u2019efecte d\u2019optimitzar i personalitzar la seva navegaci\u00f3 pel Lloc Web. Les cookies s\u00f3n fitxers f\u00edsics d\u2019informaci\u00f3 que s\u2019allotgen en el propi terminal de l\u2019usuari, la informaci\u00f3 recollida mitjan\u00e7ant les cookies serveix per a facilitar la navegaci\u00f3 de l\u2019usuari pel portal i optimitzar l\u2019experi\u00e8ncia de navegaci\u00f3. Les dades recopilades mitjan\u00e7ant les cookies poden ser compartits amb els creadors d\u2019aquestes, per\u00f2 en cap cas la informaci\u00f3 obtinguda per les mateixes ser\u00e0 associada a dades personals ni a dades que puguin identificar a l\u2019usuari.<\/p>\n\n\n\n<p>No obstant aix\u00f2, si l\u2019usuari no desitja que s\u2019instal\u00b7lin cookies en el seu disc dur, t\u00e9 la possibilitat de configurar el navegador de tal manera que impedeixi la instal\u00b7laci\u00f3 d\u2019aquests arxius. Per a obtenir m\u00e9s informaci\u00f3 consulti la nostra Pol\u00edtica de Cookies www.lapiga.cat\/politica-de-cookies.<\/p>\n\n\n\n<h2 class=\"wp-block-heading\">Enlla\u00e7os a altres llocs web (links)<\/h2>\n\n\n\n<p>La pres\u00e8ncia d\u2019enlla\u00e7os (links) en el Lloc Web www.lapiga.cat cap a altres llocs d\u2019Internet t\u00e9 finalitat merament informativa i en cap cas suposen suggeriment, invitaci\u00f3 o recomanaci\u00f3 sobre aquests.<\/p>\n\n\n\n<p>Laura Gallegos Amber no assumir\u00e0 responsabilitat pels continguts d\u2019un enlla\u00e7 pertanyent a un lloc web ali\u00e8, ni garantir\u00e0 la fiabilitat, exactitud, amplitud, veracitat, validesa i disponibilitat t\u00e8cnica.<\/p>\n\n\n\n<p>En&nbsp; el&nbsp; cas&nbsp; que&nbsp; en&nbsp; altres&nbsp; llocs&nbsp; web&nbsp; s\u2019estableixin&nbsp; enlla\u00e7os&nbsp; al&nbsp; Lloc&nbsp; Web&nbsp; de Laura Gallegos Amber, no s\u2019entendr\u00e0 que Laura Gallegos Amber ha autoritzat l\u2019enlla\u00e7 o el contingut del lloc web en el qual es cont\u00e9 l\u2019enlla\u00e7, tampoc podr\u00e0 incloure\u2019s en la p\u00e0gina de l\u2019enlla\u00e7 continguts inapropiats, difamatoris, il\u00b7legals, obscens o il\u00b7l\u00edcits, ni altres continguts que siguin contraris a la legalitat vigent.<\/p>\n\n\n\n<p>Laura Gallegos Amber es reserva la possibilitat de contactar amb el propietari del lloc web en el qual s\u2019estableixi l\u2019enlla\u00e7 si considera que s\u2019incompleix la normativa, aix\u00ed com d\u2019exercitar les corresponents accions judicials i extrajudicials.<\/p>\n\n\n\n<h2 class=\"wp-block-heading\">Modificaci\u00f3 de les condicions<strong>\u00a0<\/strong><\/h2>\n\n\n\n<p>Laura Gallegos Amber es reserva expressament el dret a modificar unilateralment, totalment o parcialment, sense necessitat de previ av\u00eds, el present Av\u00eds Legal. L\u2019usuari reconeix i accepta que \u00e9s la seva responsabilitat revisar peri\u00f2dicament el present Av\u00eds Legal.<\/p>\n\n\n\n<h2 class=\"wp-block-heading\">Certificat de compliment normatiu<\/h2>\n\n\n\n<p>Els textos legals d\u2019aquest Lloc Web han estat redactats per Qualgest, empresa especialitzada en protecci\u00f3 de dades, en el seg\u00fcent enlla\u00e7 podr\u00e0s consultar el certificat de protecci\u00f3 de dades de\u00a0<a href=\"https:\/\/qualgest.es\/certificado-proteccion-datos-la-piga\/\">l\u2019Espai de Creixement La Piga.<\/a><\/p>","protected":false},"excerpt":{"rendered":"<p>Av\u00eds Legal En compliment del deure d\u2019informaci\u00f3 recollit en article 10 de la Llei 34\/2002, d\u201911 de Juliol, de Serveis [&hellip;]<\/p>\n","protected":false},"author":1,"featured_media":0,"parent":0,"menu_order":0,"comment_status":"closed","ping_status":"open","template":"","meta":{"site-sidebar-layout":"default","site-content-layout":"","ast-site-content-layout":"default","site-content-style":"default","site-sidebar-style":"default","ast-global-header-display":"","ast-banner-title-visibility":"","ast-main-header-display":"","ast-hfb-above-header-display":"","ast-hfb-below-header-display":"","ast-hfb-mobile-header-display":"","site-post-title":"disabled","ast-breadcrumbs-content":"","ast-featured-img":"","footer-sml-layout":"","ast-disable-related-posts":"","theme-transparent-header-meta":"","adv-header-id-meta":"","stick-header-meta":"","header-above-stick-meta":"","header-main-stick-meta":"","header-below-stick-meta":"","astra-migrate-meta-layouts":"default","ast-page-background-enabled":"default","ast-page-background-meta":{"desktop":{"background-color":"var(--ast-global-color-5)","background-image":"","background-repeat":"repeat","background-position":"center center","background-size":"auto","background-attachment":"scroll","background-type":"","background-media":"","overlay-type":"","overlay-color":"","overlay-opacity":"","overlay-gradient":""},"tablet":{"background-color":"","background-image":"","background-repeat":"repeat","background-position":"center center","background-size":"auto","background-attachment":"scroll","background-type":"","background-media":"","overlay-type":"","overlay-color":"","overlay-opacity":"","overlay-gradient":""},"mobile":{"background-color":"","background-image":"","background-repeat":"repeat","background-position":"center center","background-size":"auto","background-attachment":"scroll","background-type":"","background-media":"","overlay-type":"","overlay-color":"","overlay-opacity":"","overlay-gradient":""}},"ast-content-background-meta":{"desktop":{"background-color":"var(--ast-global-color-4)","background-image":"","background-repeat":"repeat","background-position":"center center","background-size":"auto","background-attachment":"scroll","background-type":"","background-media":"","overlay-type":"","overlay-color":"","overlay-opacity":"","overlay-gradient":""},"tablet":{"background-color":"var(--ast-global-color-4)","background-image":"","background-repeat":"repeat","background-position":"center center","background-size":"auto","background-attachment":"scroll","background-type":"","background-media":"","overlay-type":"","overlay-color":"","overlay-opacity":"","overlay-gradient":""},"mobile":{"background-color":"var(--ast-global-color-4)","background-image":"","background-repeat":"repeat","background-position":"center center","background-size":"auto","background-attachment":"scroll","background-type":"","background-media":"","overlay-type":"","overlay-color":"","overlay-opacity":"","overlay-gradient":""}},"footnotes":""},"class_list":["post-266","page","type-page","status-publish","hentry"],"yoast_head":"<!-- This site is optimized with the Yoast SEO plugin v27.5 - https:\/\/yoast.com\/product\/yoast-seo-wordpress\/ -->\n<title>Av\u00eds legal - La Piga - Idiomes i refor\u00e7 escolar - Vic, Osona<\/title>\n<meta name=\"description\" content=\"Av\u00eds legal - La Piga \u00e9s un espai de creixement, joc lliure, idiomes i refor\u00e7 escolar i preparaci\u00f3 a proves i d\u2019acc\u00e9s, situat a Vic.\" \/>\n<meta name=\"robots\" content=\"index, follow, max-snippet:-1, max-image-preview:large, max-video-preview:-1\" \/>\n<link rel=\"canonical\" href=\"https:\/\/lapiga.cat\/es\/avis-legal\" \/>\n<meta property=\"og:locale\" content=\"es_ES\" \/>\n<meta property=\"og:type\" content=\"article\" \/>\n<meta property=\"og:title\" content=\"Av\u00eds legal - La Piga - Idiomes i refor\u00e7 escolar - Vic, Osona\" \/>\n<meta property=\"og:description\" content=\"Av\u00eds legal - La Piga \u00e9s un espai de creixement, joc lliure, idiomes i refor\u00e7 escolar i preparaci\u00f3 a proves i d\u2019acc\u00e9s, situat a Vic.\" \/>\n<meta property=\"og:url\" content=\"https:\/\/lapiga.cat\/es\/avis-legal\" \/>\n<meta property=\"og:site_name\" content=\"La Piga\" \/>\n<meta property=\"article:modified_time\" content=\"2025-10-29T10:59:25+00:00\" \/>\n<meta name=\"twitter:card\" content=\"summary_large_image\" \/>\n<meta name=\"twitter:label1\" content=\"Tiempo de lectura\" \/>\n\t<meta name=\"twitter:data1\" content=\"9 minutos\" \/>\n<script type=\"application\/ld+json\" class=\"yoast-schema-graph\">{\"@context\":\"https:\\\/\\\/schema.org\",\"@graph\":[{\"@type\":\"WebPage\",\"@id\":\"https:\\\/\\\/lapiga.cat\\\/avis-legal\",\"url\":\"https:\\\/\\\/lapiga.cat\\\/avis-legal\",\"name\":\"Av\u00eds legal - La Piga - Idiomes i refor\u00e7 escolar - Vic, Osona\",\"isPartOf\":{\"@id\":\"https:\\\/\\\/lapiga.cat\\\/#website\"},\"datePublished\":\"2023-03-06T13:52:03+00:00\",\"dateModified\":\"2025-10-29T10:59:25+00:00\",\"description\":\"Av\u00eds legal - La Piga \u00e9s un espai de creixement, joc lliure, idiomes i refor\u00e7 escolar i preparaci\u00f3 a proves i d\u2019acc\u00e9s, situat a Vic.\",\"breadcrumb\":{\"@id\":\"https:\\\/\\\/lapiga.cat\\\/avis-legal#breadcrumb\"},\"inLanguage\":\"es\",\"potentialAction\":[{\"@type\":\"ReadAction\",\"target\":[\"https:\\\/\\\/lapiga.cat\\\/avis-legal\"]}]},{\"@type\":\"BreadcrumbList\",\"@id\":\"https:\\\/\\\/lapiga.cat\\\/avis-legal#breadcrumb\",\"itemListElement\":[{\"@type\":\"ListItem\",\"position\":1,\"name\":\"Inici\",\"item\":\"https:\\\/\\\/lapiga.cat\\\/\"},{\"@type\":\"ListItem\",\"position\":2,\"name\":\"Av\u00eds Legal\"}]},{\"@type\":\"WebSite\",\"@id\":\"https:\\\/\\\/lapiga.cat\\\/#website\",\"url\":\"https:\\\/\\\/lapiga.cat\\\/\",\"name\":\"La Piga\",\"description\":\"Espai de creixement, joc, tallers, refor\u00e7 escolar i angl\u00e8s\",\"publisher\":{\"@id\":\"https:\\\/\\\/lapiga.cat\\\/#organization\"},\"potentialAction\":[{\"@type\":\"SearchAction\",\"target\":{\"@type\":\"EntryPoint\",\"urlTemplate\":\"https:\\\/\\\/lapiga.cat\\\/?s={search_term_string}\"},\"query-input\":{\"@type\":\"PropertyValueSpecification\",\"valueRequired\":true,\"valueName\":\"search_term_string\"}}],\"inLanguage\":\"es\"},{\"@type\":\"Organization\",\"@id\":\"https:\\\/\\\/lapiga.cat\\\/#organization\",\"name\":\"La Piga - Espai de creixement - Vic - Osona\",\"url\":\"https:\\\/\\\/lapiga.cat\\\/\",\"logo\":{\"@type\":\"ImageObject\",\"inLanguage\":\"es\",\"@id\":\"https:\\\/\\\/lapiga.cat\\\/#\\\/schema\\\/logo\\\/image\\\/\",\"url\":\"https:\\\/\\\/sienna-ape-496969.hostingersite.com\\\/wp-content\\\/uploads\\\/2022\\\/07\\\/6-LaPiga_Imagotip_Blue.png\",\"contentUrl\":\"https:\\\/\\\/sienna-ape-496969.hostingersite.com\\\/wp-content\\\/uploads\\\/2022\\\/07\\\/6-LaPiga_Imagotip_Blue.png\",\"width\":3873,\"height\":1991,\"caption\":\"La Piga - Espai de creixement - Vic - Osona\"},\"image\":{\"@id\":\"https:\\\/\\\/lapiga.cat\\\/#\\\/schema\\\/logo\\\/image\\\/\"},\"sameAs\":[\"https:\\\/\\\/www.instagram.com\\\/espailapiga\\\/\"]}]}<\/script>\n<!-- \/ Yoast SEO plugin. -->","yoast_head_json":{"title":"Av\u00eds legal - La Piga - Idiomes i refor\u00e7 escolar - Vic, Osona","description":"Av\u00eds legal - La Piga \u00e9s un espai de creixement, joc lliure, idiomes i refor\u00e7 escolar i preparaci\u00f3 a proves i d\u2019acc\u00e9s, situat a Vic.","robots":{"index":"index","follow":"follow","max-snippet":"max-snippet:-1","max-image-preview":"max-image-preview:large","max-video-preview":"max-video-preview:-1"},"canonical":"https:\/\/lapiga.cat\/es\/avis-legal","og_locale":"es_ES","og_type":"article","og_title":"Av\u00eds legal - La Piga - Idiomes i refor\u00e7 escolar - Vic, Osona","og_description":"Av\u00eds legal - La Piga \u00e9s un espai de creixement, joc lliure, idiomes i refor\u00e7 escolar i preparaci\u00f3 a proves i d\u2019acc\u00e9s, situat a Vic.","og_url":"https:\/\/lapiga.cat\/es\/avis-legal","og_site_name":"La Piga","article_modified_time":"2025-10-29T10:59:25+00:00","twitter_card":"summary_large_image","twitter_misc":{"Tiempo de lectura":"9 minutos"},"schema":{"@context":"https:\/\/schema.org","@graph":[{"@type":"WebPage","@id":"https:\/\/lapiga.cat\/avis-legal","url":"https:\/\/lapiga.cat\/avis-legal","name":"Av\u00eds legal - La Piga - Idiomes i refor\u00e7 escolar - Vic, Osona","isPartOf":{"@id":"https:\/\/lapiga.cat\/#website"},"datePublished":"2023-03-06T13:52:03+00:00","dateModified":"2025-10-29T10:59:25+00:00","description":"Av\u00eds legal - La Piga \u00e9s un espai de creixement, joc lliure, idiomes i refor\u00e7 escolar i preparaci\u00f3 a proves i d\u2019acc\u00e9s, situat a Vic.","breadcrumb":{"@id":"https:\/\/lapiga.cat\/avis-legal#breadcrumb"},"inLanguage":"es","potentialAction":[{"@type":"ReadAction","target":["https:\/\/lapiga.cat\/avis-legal"]}]},{"@type":"BreadcrumbList","@id":"https:\/\/lapiga.cat\/avis-legal#breadcrumb","itemListElement":[{"@type":"ListItem","position":1,"name":"Inici","item":"https:\/\/lapiga.cat\/"},{"@type":"ListItem","position":2,"name":"Av\u00eds Legal"}]},{"@type":"WebSite","@id":"https:\/\/lapiga.cat\/#website","url":"https:\/\/lapiga.cat\/","name":"La Piga","description":"Espai de creixement, joc, tallers, refor\u00e7 escolar i angl\u00e8s","publisher":{"@id":"https:\/\/lapiga.cat\/#organization"},"potentialAction":[{"@type":"SearchAction","target":{"@type":"EntryPoint","urlTemplate":"https:\/\/lapiga.cat\/?s={search_term_string}"},"query-input":{"@type":"PropertyValueSpecification","valueRequired":true,"valueName":"search_term_string"}}],"inLanguage":"es"},{"@type":"Organization","@id":"https:\/\/lapiga.cat\/#organization","name":"La Piga - Espai de creixement - Vic - Osona","url":"https:\/\/lapiga.cat\/","logo":{"@type":"ImageObject","inLanguage":"es","@id":"https:\/\/lapiga.cat\/#\/schema\/logo\/image\/","url":"https:\/\/sienna-ape-496969.hostingersite.com\/wp-content\/uploads\/2022\/07\/6-LaPiga_Imagotip_Blue.png","contentUrl":"https:\/\/sienna-ape-496969.hostingersite.com\/wp-content\/uploads\/2022\/07\/6-LaPiga_Imagotip_Blue.png","width":3873,"height":1991,"caption":"La Piga - Espai de creixement - Vic - Osona"},"image":{"@id":"https:\/\/lapiga.cat\/#\/schema\/logo\/image\/"},"sameAs":["https:\/\/www.instagram.com\/espailapiga\/"]}]}},"_links":{"self":[{"href":"https:\/\/lapiga.cat\/es\/wp-json\/wp\/v2\/pages\/266","targetHints":{"allow":["GET"]}}],"collection":[{"href":"https:\/\/lapiga.cat\/es\/wp-json\/wp\/v2\/pages"}],"about":[{"href":"https:\/\/lapiga.cat\/es\/wp-json\/wp\/v2\/types\/page"}],"author":[{"embeddable":true,"href":"https:\/\/lapiga.cat\/es\/wp-json\/wp\/v2\/users\/1"}],"replies":[{"embeddable":true,"href":"https:\/\/lapiga.cat\/es\/wp-json\/wp\/v2\/comments?post=266"}],"version-history":[{"count":5,"href":"https:\/\/lapiga.cat\/es\/wp-json\/wp\/v2\/pages\/266\/revisions"}],"predecessor-version":[{"id":440,"href":"https:\/\/lapiga.cat\/es\/wp-json\/wp\/v2\/pages\/266\/revisions\/440"}],"wp:attachment":[{"href":"https:\/\/lapiga.cat\/es\/wp-json\/wp\/v2\/media?parent=266"}],"curies":[{"name":"wp","href":"https:\/\/api.w.org\/{rel}","templated":true}]}}